{"id":55,"date":"2024-09-25T23:52:48","date_gmt":"2024-09-26T00:52:48","guid":{"rendered":"https:\/\/consultoria.cv\/?page_id=55"},"modified":"2026-04-14T20:16:34","modified_gmt":"2026-04-14T21:16:34","slug":"blog","status":"publish","type":"page","link":"https:\/\/consultoria.cv\/en\/blog\/","title":{"rendered":"Blog"},"content":{"rendered":"<section class=\"bde-section-55-225 bde-section\">\n              \n  \n  \n\t\n\n  <div class=\"section-background-overlay\"><\/div>\n\n\n<div class=\"section-container\"><h1 class=\"bde-dual-heading-55-227 bde-dual-heading\">\n\n\n            <span data-style=\"primary\" class=\"dual-heading--primary  \">Blog<\/span>\n\n\n\n<\/h1><div class=\"bde-text-55-228 bde-text\">\nNa S&D Consultoria, o nosso blog aborda t\u00f3picos essenciais como consultoria financeira, planeamento de neg\u00f3cios e an\u00e1lise de viabilidade econ\u00f3mica. Explore os nossos insights e descubra solu\u00e7\u00f5es personalizadas para impulsionar o crescimento sustent\u00e1vel da sua empresa.\n<\/div><div class=\"bde-fancy-divider-55-229 bde-fancy-divider\">\n\n\n<div class=\"bde-fancy-divider__wrapper\">\n  <div class=\"bde-fancy-divider__separator   \">\n  \t  <\/div>\n<\/div>\n\n<\/div><\/div>\n<\/section><section class=\"bde-section-55-110 bde-section\">\n  \n  \n\t\n\n\n\n<div class=\"section-container\"><div class=\"bde-post-list-55-231 bde-post-list\"><div class=\"bde-loop bde-loop-grid ee-posts ee-posts-grid\">    <article class=\"bde-loop-item ee-post\">\n                                <a class=\"bde-loop-item__image-link ee-post-image-link \" href=\"https:\/\/consultoria.cv\/en\/a-zona-franca-de-cabo-verde-beneficios-fiscais-para-empresas-exportadoras\/\" tabindex=\"-1\">\n                <div class=\"bde-loop-item__image ee-post-image\">\n                    <img loading=\"lazy\" decoding=\"async\" width=\"1024\" height=\"576\" src=\"https:\/\/consultoria.cv\/wp-content\/uploads\/2026\/04\/foto_s.vicente_odair.jpg\" class=\"attachment-full size-full wp-post-image\" alt=\"A Zona Franca de Cabo Verde: Benef\u00edcios Fiscais para Empresas Exportadoras\" srcset=\"https:\/\/consultoria.cv\/wp-content\/uploads\/2026\/04\/foto_s.vicente_odair.jpg 1024w, https:\/\/consultoria.cv\/wp-content\/uploads\/2026\/04\/foto_s.vicente_odair-300x169.jpg 300w, https:\/\/consultoria.cv\/wp-content\/uploads\/2026\/04\/foto_s.vicente_odair-768x432.jpg 768w, https:\/\/consultoria.cv\/wp-content\/uploads\/2026\/04\/foto_s.vicente_odair-18x10.jpg 18w\" sizes=\"auto, (max-width: 1024px) 100vw, 1024px\" \/>                <\/div>\n            <\/a>\n        \n        \n        <div class=\"bde-loop-item__wrap ee-post-wrap\">\n            \n                            <h3 class=\"ee-post-title\" >\n                    <a class=\"bde-loop-item__title-link ee-post-title-link\" href=\"https:\/\/consultoria.cv\/en\/a-zona-franca-de-cabo-verde-beneficios-fiscais-para-empresas-exportadoras\/\"  tabindex=\"-1\">\n                        A Zona Franca de Cabo Verde: Benef\u00edcios Fiscais para Empresas Exportadoras                    <\/a>\n                <\/h3>\n                            <div class=\"bde-loop-item__content ee-post-content\">\n                    Cabo Verde est\u00e1 a posicionar-se como um dos hubs log\u00edsticos e produtivos mais atrativos da \u00c1frica Ocidental. Para empresas que visam exportar para a Uni\u00e3o Europeia (via regime SPG+), Estados&hellip;                <\/div>\n            \n        \n    \n    \n    \n                            \n            \n                    \n            \n            \n\n    \n    \n    \n    \n                            \n    <a class=\"breakdance-link button-atom button-atom--primary bde-loop-item__button ee-post-button\" href=\"https:\/\/consultoria.cv\/en\/a-zona-franca-de-cabo-verde-beneficios-fiscais-para-empresas-exportadoras\/\" target=\"_self\" data-type=\"url\"  aria-label=\"Read more about A Zona Franca de Cabo Verde: Benef\u00edcios Fiscais para Empresas Exportadoras\" >\n\n    \n        <span class=\"button-atom__text\">Ler Mais<\/span>\n\n        \n        \n                <\/a>\n\n    \n\n\n\n\n            \n        <\/div>\n\n    <\/article>\n\n    <article class=\"bde-loop-item ee-post\">\n                                <a class=\"bde-loop-item__image-link ee-post-image-link \" href=\"https:\/\/consultoria.cv\/en\/o-guia-do-investidor-seguranca-juridica-e-ambiental-em-cabo-verde\/\" tabindex=\"-1\">\n                <div class=\"bde-loop-item__image ee-post-image\">\n                    <img loading=\"lazy\" decoding=\"async\" width=\"1366\" height=\"768\" src=\"https:\/\/consultoria.cv\/wp-content\/uploads\/2026\/04\/SD-SITE-IMAGES-4.png\" class=\"attachment-full size-full wp-post-image\" alt=\"O Guia do Investidor: Seguran\u00e7a Jur\u00eddica e Ambiental em Cabo Verde\" srcset=\"https:\/\/consultoria.cv\/wp-content\/uploads\/2026\/04\/SD-SITE-IMAGES-4.png 1366w, https:\/\/consultoria.cv\/wp-content\/uploads\/2026\/04\/SD-SITE-IMAGES-4-300x169.png 300w, https:\/\/consultoria.cv\/wp-content\/uploads\/2026\/04\/SD-SITE-IMAGES-4-1024x576.png 1024w, https:\/\/consultoria.cv\/wp-content\/uploads\/2026\/04\/SD-SITE-IMAGES-4-768x432.png 768w, https:\/\/consultoria.cv\/wp-content\/uploads\/2026\/04\/SD-SITE-IMAGES-4-18x10.png 18w\" sizes=\"auto, (max-width: 1366px) 100vw, 1366px\" \/>                <\/div>\n            <\/a>\n        \n        \n        <div class=\"bde-loop-item__wrap ee-post-wrap\">\n            \n                            <h3 class=\"ee-post-title\" >\n                    <a class=\"bde-loop-item__title-link ee-post-title-link\" href=\"https:\/\/consultoria.cv\/en\/o-guia-do-investidor-seguranca-juridica-e-ambiental-em-cabo-verde\/\"  tabindex=\"-1\">\n                        O Guia do Investidor: Seguran\u00e7a Jur\u00eddica e Ambiental em Cabo Verde                    <\/a>\n                <\/h3>\n                            <div class=\"bde-loop-item__content ee-post-content\">\n                    Investir em Cabo Verde: Onde a Seguran\u00e7a Jur\u00eddica Encontra a Sustentabilidade Cabo Verde posicionou-se como l\u00edder regional na transi\u00e7\u00e3o para economia verde e azul. Com uma meta de neutralidade carb\u00f3nica&hellip;                <\/div>\n            \n        \n    \n    \n    \n                            \n            \n                    \n            \n            \n\n    \n    \n    \n    \n                            \n    <a class=\"breakdance-link button-atom button-atom--primary bde-loop-item__button ee-post-button\" href=\"https:\/\/consultoria.cv\/en\/o-guia-do-investidor-seguranca-juridica-e-ambiental-em-cabo-verde\/\" target=\"_self\" data-type=\"url\"  aria-label=\"Read more about O Guia do Investidor: Seguran\u00e7a Jur\u00eddica e Ambiental em Cabo Verde\" >\n\n    \n        <span class=\"button-atom__text\">Ler Mais<\/span>\n\n        \n        \n                <\/a>\n\n    \n\n\n\n\n            \n        <\/div>\n\n    <\/article>\n\n    <article class=\"bde-loop-item ee-post\">\n                                <a class=\"bde-loop-item__image-link ee-post-image-link \" href=\"https:\/\/consultoria.cv\/en\/importacao-para-cabo-verde-como-resolver-entraves-aduaneiros-para-grandes-empresas\/\" tabindex=\"-1\">\n                <div class=\"bde-loop-item__image ee-post-image\">\n                    <img loading=\"lazy\" decoding=\"async\" width=\"1366\" height=\"768\" src=\"https:\/\/consultoria.cv\/wp-content\/uploads\/2026\/04\/SD-SITE-IMAGES-3.png\" class=\"attachment-full size-full wp-post-image\" alt=\"Importa\u00e7\u00e3o para Cabo Verde: Como Resolver Entraves Aduaneiros para Grandes Empresas\" srcset=\"https:\/\/consultoria.cv\/wp-content\/uploads\/2026\/04\/SD-SITE-IMAGES-3.png 1366w, https:\/\/consultoria.cv\/wp-content\/uploads\/2026\/04\/SD-SITE-IMAGES-3-300x169.png 300w, https:\/\/consultoria.cv\/wp-content\/uploads\/2026\/04\/SD-SITE-IMAGES-3-1024x576.png 1024w, https:\/\/consultoria.cv\/wp-content\/uploads\/2026\/04\/SD-SITE-IMAGES-3-768x432.png 768w, https:\/\/consultoria.cv\/wp-content\/uploads\/2026\/04\/SD-SITE-IMAGES-3-18x10.png 18w\" sizes=\"auto, (max-width: 1366px) 100vw, 1366px\" \/>                <\/div>\n            <\/a>\n        \n        \n        <div class=\"bde-loop-item__wrap ee-post-wrap\">\n            \n                            <h3 class=\"ee-post-title\" >\n                    <a class=\"bde-loop-item__title-link ee-post-title-link\" href=\"https:\/\/consultoria.cv\/en\/importacao-para-cabo-verde-como-resolver-entraves-aduaneiros-para-grandes-empresas\/\"  tabindex=\"-1\">\n                        Importa\u00e7\u00e3o para Cabo Verde: Como Resolver Entraves Aduaneiros para Grandes Empresas                    <\/a>\n                <\/h3>\n                            <div class=\"bde-loop-item__content ee-post-content\">\n                    Primeira Etapa: Validar o Mercado Cabo-Verdiano antes de Importar Antes de mover a primeira caixa, \u00e9 imperativo compreender a realidade do mercado. Cabo Verde importou 199.961 mil contos (cerca de&hellip;                <\/div>\n            \n        \n    \n    \n    \n                            \n            \n                    \n            \n            \n\n    \n    \n    \n    \n                            \n    <a class=\"breakdance-link button-atom button-atom--primary bde-loop-item__button ee-post-button\" href=\"https:\/\/consultoria.cv\/en\/importacao-para-cabo-verde-como-resolver-entraves-aduaneiros-para-grandes-empresas\/\" target=\"_self\" data-type=\"url\"  aria-label=\"Read more about Importa\u00e7\u00e3o para Cabo Verde: Como Resolver Entraves Aduaneiros para Grandes Empresas\" >\n\n    \n        <span class=\"button-atom__text\">Ler Mais<\/span>\n\n        \n        \n                <\/a>\n\n    \n\n\n\n\n            \n        <\/div>\n\n    <\/article>\n\n    <article class=\"bde-loop-item ee-post\">\n                                <a class=\"bde-loop-item__image-link ee-post-image-link \" href=\"https:\/\/consultoria.cv\/en\/diaspora-cabo-verdiana-como-investir-no-turismo-local-com-seguranca-juridica-total\/\" tabindex=\"-1\">\n                <div class=\"bde-loop-item__image ee-post-image\">\n                    <img loading=\"lazy\" decoding=\"async\" width=\"1366\" height=\"768\" src=\"https:\/\/consultoria.cv\/wp-content\/uploads\/2026\/04\/SD-SITE-IMAGES-2.png\" class=\"attachment-full size-full wp-post-image\" alt=\"Di\u00e1spora Cabo-Verdiana: Como Investir no Turismo Local com Seguran\u00e7a Jur\u00eddica Total\" srcset=\"https:\/\/consultoria.cv\/wp-content\/uploads\/2026\/04\/SD-SITE-IMAGES-2.png 1366w, https:\/\/consultoria.cv\/wp-content\/uploads\/2026\/04\/SD-SITE-IMAGES-2-300x169.png 300w, https:\/\/consultoria.cv\/wp-content\/uploads\/2026\/04\/SD-SITE-IMAGES-2-1024x576.png 1024w, https:\/\/consultoria.cv\/wp-content\/uploads\/2026\/04\/SD-SITE-IMAGES-2-768x432.png 768w, https:\/\/consultoria.cv\/wp-content\/uploads\/2026\/04\/SD-SITE-IMAGES-2-18x10.png 18w\" sizes=\"auto, (max-width: 1366px) 100vw, 1366px\" \/>                <\/div>\n            <\/a>\n        \n        \n        <div class=\"bde-loop-item__wrap ee-post-wrap\">\n            \n                            <h3 class=\"ee-post-title\" >\n                    <a class=\"bde-loop-item__title-link ee-post-title-link\" href=\"https:\/\/consultoria.cv\/en\/diaspora-cabo-verdiana-como-investir-no-turismo-local-com-seguranca-juridica-total\/\"  tabindex=\"-1\">\n                        Di\u00e1spora Cabo-Verdiana: Como Investir no Turismo Local com Seguran\u00e7a Jur\u00eddica Total                    <\/a>\n                <\/h3>\n                            <div class=\"bde-loop-item__content ee-post-content\">\n                    A saudade que transforma: quando a di\u00e1spora investe na sua terra natal A di\u00e1spora cabo-verdiana, estimada em mais de um milh\u00e3o de pessoas espalhadas por Portugal, EUA, Fran\u00e7a, Holanda, It\u00e1lia&hellip;                <\/div>\n            \n        \n    \n    \n    \n                            \n            \n                    \n            \n            \n\n    \n    \n    \n    \n                            \n    <a class=\"breakdance-link button-atom button-atom--primary bde-loop-item__button ee-post-button\" href=\"https:\/\/consultoria.cv\/en\/diaspora-cabo-verdiana-como-investir-no-turismo-local-com-seguranca-juridica-total\/\" target=\"_self\" data-type=\"url\"  aria-label=\"Read more about Di\u00e1spora Cabo-Verdiana: Como Investir no Turismo Local com Seguran\u00e7a Jur\u00eddica Total\" >\n\n    \n        <span class=\"button-atom__text\">Ler Mais<\/span>\n\n        \n        \n                <\/a>\n\n    \n\n\n\n\n            \n        <\/div>\n\n    <\/article>\n\n    <article class=\"bde-loop-item ee-post\">\n                                <a class=\"bde-loop-item__image-link ee-post-image-link \" href=\"https:\/\/consultoria.cv\/en\/como-uma-empresa-estrangeira-abre-sucursal-em-cabo-verde-o-passo-a-passo\/\" tabindex=\"-1\">\n                <div class=\"bde-loop-item__image ee-post-image\">\n                    <img loading=\"lazy\" decoding=\"async\" width=\"1366\" height=\"768\" src=\"https:\/\/consultoria.cv\/wp-content\/uploads\/2026\/04\/SD-SITE-IMAGES-1.png\" class=\"attachment-full size-full wp-post-image\" alt=\"Como uma Empresa Estrangeira Abre Sucursal em Cabo Verde: O Passo a Passo\" srcset=\"https:\/\/consultoria.cv\/wp-content\/uploads\/2026\/04\/SD-SITE-IMAGES-1.png 1366w, https:\/\/consultoria.cv\/wp-content\/uploads\/2026\/04\/SD-SITE-IMAGES-1-300x169.png 300w, https:\/\/consultoria.cv\/wp-content\/uploads\/2026\/04\/SD-SITE-IMAGES-1-1024x576.png 1024w, https:\/\/consultoria.cv\/wp-content\/uploads\/2026\/04\/SD-SITE-IMAGES-1-768x432.png 768w, https:\/\/consultoria.cv\/wp-content\/uploads\/2026\/04\/SD-SITE-IMAGES-1-18x10.png 18w\" sizes=\"auto, (max-width: 1366px) 100vw, 1366px\" \/>                <\/div>\n            <\/a>\n        \n        \n        <div class=\"bde-loop-item__wrap ee-post-wrap\">\n            \n                            <h3 class=\"ee-post-title\" >\n                    <a class=\"bde-loop-item__title-link ee-post-title-link\" href=\"https:\/\/consultoria.cv\/en\/como-uma-empresa-estrangeira-abre-sucursal-em-cabo-verde-o-passo-a-passo\/\"  tabindex=\"-1\">\n                        Como uma Empresa Estrangeira Abre Sucursal em Cabo Verde: O Passo a Passo                    <\/a>\n                <\/h3>\n                            <div class=\"bde-loop-item__content ee-post-content\">\n                    Sucursal em Cabo Verde: a extens\u00e3o legal da sua empresa Quando uma empresa estrangeira decide operar em Cabo Verde por mais de um ano, o C\u00f3digo das Sociedades Comerciais (Decreto&hellip;                <\/div>\n            \n        \n    \n    \n    \n                            \n            \n                    \n            \n            \n\n    \n    \n    \n    \n                            \n    <a class=\"breakdance-link button-atom button-atom--primary bde-loop-item__button ee-post-button\" href=\"https:\/\/consultoria.cv\/en\/como-uma-empresa-estrangeira-abre-sucursal-em-cabo-verde-o-passo-a-passo\/\" target=\"_self\" data-type=\"url\"  aria-label=\"Read more about Como uma Empresa Estrangeira Abre Sucursal em Cabo Verde: O Passo a Passo\" >\n\n    \n        <span class=\"button-atom__text\">Ler Mais<\/span>\n\n        \n        \n                <\/a>\n\n    \n\n\n\n\n            \n        <\/div>\n\n    <\/article>\n\n    <article class=\"bde-loop-item ee-post\">\n                                <a class=\"bde-loop-item__image-link ee-post-image-link \" href=\"https:\/\/consultoria.cv\/en\/construcao-civil-em-cabo-verde-2026-novas-licencas-revisao-do-codigo-tecnico-e-oportunidades-para-promotores-imobiliarios\/\" tabindex=\"-1\">\n                <div class=\"bde-loop-item__image ee-post-image\">\n                    <img loading=\"lazy\" decoding=\"async\" width=\"1366\" height=\"768\" src=\"https:\/\/consultoria.cv\/wp-content\/uploads\/2026\/04\/SD-SITE-IMAGES.png\" class=\"attachment-full size-full wp-post-image\" alt=\"Constru\u00e7\u00e3o Civil em Cabo Verde 2026: Novas Licen\u00e7as, Revis\u00e3o do C\u00f3digo T\u00e9cnico e Oportunidades para Promotores Imobili\u00e1rios\" srcset=\"https:\/\/consultoria.cv\/wp-content\/uploads\/2026\/04\/SD-SITE-IMAGES.png 1366w, https:\/\/consultoria.cv\/wp-content\/uploads\/2026\/04\/SD-SITE-IMAGES-300x169.png 300w, https:\/\/consultoria.cv\/wp-content\/uploads\/2026\/04\/SD-SITE-IMAGES-1024x576.png 1024w, https:\/\/consultoria.cv\/wp-content\/uploads\/2026\/04\/SD-SITE-IMAGES-768x432.png 768w, https:\/\/consultoria.cv\/wp-content\/uploads\/2026\/04\/SD-SITE-IMAGES-18x10.png 18w\" sizes=\"auto, (max-width: 1366px) 100vw, 1366px\" \/>                <\/div>\n            <\/a>\n        \n        \n        <div class=\"bde-loop-item__wrap ee-post-wrap\">\n            \n                            <h3 class=\"ee-post-title\" >\n                    <a class=\"bde-loop-item__title-link ee-post-title-link\" href=\"https:\/\/consultoria.cv\/en\/construcao-civil-em-cabo-verde-2026-novas-licencas-revisao-do-codigo-tecnico-e-oportunidades-para-promotores-imobiliarios\/\"  tabindex=\"-1\">\n                        Constru\u00e7\u00e3o Civil em Cabo Verde 2026: Novas Licen\u00e7as, Revis\u00e3o do C\u00f3digo T\u00e9cnico e Oportunidades para Promotores Imobili\u00e1rios                    <\/a>\n                <\/h3>\n                            <div class=\"bde-loop-item__content ee-post-content\">\n                    O novo ciclo da constru\u00e7\u00e3o civil em Cabo Verde: moderniza\u00e7\u00e3o e formaliza\u00e7\u00e3o O sector da constru\u00e7\u00e3o civil em Cabo Verde atravessa uma fase de profunda moderniza\u00e7\u00e3o legislativa. Com o turismo&hellip;                <\/div>\n            \n        \n    \n    \n    \n                            \n            \n                    \n            \n            \n\n    \n    \n    \n    \n                            \n    <a class=\"breakdance-link button-atom button-atom--primary bde-loop-item__button ee-post-button\" href=\"https:\/\/consultoria.cv\/en\/construcao-civil-em-cabo-verde-2026-novas-licencas-revisao-do-codigo-tecnico-e-oportunidades-para-promotores-imobiliarios\/\" target=\"_self\" data-type=\"url\"  aria-label=\"Read more about Constru\u00e7\u00e3o Civil em Cabo Verde 2026: Novas Licen\u00e7as, Revis\u00e3o do C\u00f3digo T\u00e9cnico e Oportunidades para Promotores Imobili\u00e1rios\" >\n\n    \n        <span class=\"button-atom__text\">Ler Mais<\/span>\n\n        \n        \n                <\/a>\n\n    \n\n\n\n\n            \n        <\/div>\n\n    <\/article>\n\n    <article class=\"bde-loop-item ee-post\">\n                                <a class=\"bde-loop-item__image-link ee-post-image-link \" href=\"https:\/\/consultoria.cv\/en\/investir-energias-renovaveis-cabo-verde-regulamentos-oportunidades\/\" tabindex=\"-1\">\n                <div class=\"bde-loop-item__image ee-post-image\">\n                    <img loading=\"lazy\" decoding=\"async\" width=\"800\" height=\"609\" src=\"https:\/\/consultoria.cv\/wp-content\/uploads\/2026\/04\/mapa-das-ilhas-de-cabo-verde-35380580.jpg\" class=\"attachment-full size-full wp-post-image\" alt=\"Investir em Energias Renov\u00e1veis em Cabo Verde: Regulamentos, Incentivos Fiscais e Oportunidades de Mercado 2025-2026\" srcset=\"https:\/\/consultoria.cv\/wp-content\/uploads\/2026\/04\/mapa-das-ilhas-de-cabo-verde-35380580.jpg 800w, https:\/\/consultoria.cv\/wp-content\/uploads\/2026\/04\/mapa-das-ilhas-de-cabo-verde-35380580-300x228.jpg 300w, https:\/\/consultoria.cv\/wp-content\/uploads\/2026\/04\/mapa-das-ilhas-de-cabo-verde-35380580-768x585.jpg 768w, https:\/\/consultoria.cv\/wp-content\/uploads\/2026\/04\/mapa-das-ilhas-de-cabo-verde-35380580-16x12.jpg 16w\" sizes=\"auto, (max-width: 800px) 100vw, 800px\" \/>                <\/div>\n            <\/a>\n        \n        \n        <div class=\"bde-loop-item__wrap ee-post-wrap\">\n            \n                            <h3 class=\"ee-post-title\" >\n                    <a class=\"bde-loop-item__title-link ee-post-title-link\" href=\"https:\/\/consultoria.cv\/en\/investir-energias-renovaveis-cabo-verde-regulamentos-oportunidades\/\"  tabindex=\"-1\">\n                        Investir em Energias Renov\u00e1veis em Cabo Verde: Regulamentos, Incentivos Fiscais e Oportunidades de Mercado 2025-2026                    <\/a>\n                <\/h3>\n                            <div class=\"bde-loop-item__content ee-post-content\">\n                    Porque Cabo Verde \u00e9 o Novo Hub de Energias Renov\u00e1veis na \u00c1frica Ocidental Cabo Verde consolidou-se como l\u00edder regional na transi\u00e7\u00e3o energ\u00e9tica, com metas ambiciosas de atingir 50% de eletricidade&hellip;                <\/div>\n            \n        \n    \n    \n    \n                            \n            \n                    \n            \n            \n\n    \n    \n    \n    \n                            \n    <a class=\"breakdance-link button-atom button-atom--primary bde-loop-item__button ee-post-button\" href=\"https:\/\/consultoria.cv\/en\/investir-energias-renovaveis-cabo-verde-regulamentos-oportunidades\/\" target=\"_self\" data-type=\"url\"  aria-label=\"Read more about Investir em Energias Renov\u00e1veis em Cabo Verde: Regulamentos, Incentivos Fiscais e Oportunidades de Mercado 2025-2026\" >\n\n    \n        <span class=\"button-atom__text\">Ler Mais<\/span>\n\n        \n        \n                <\/a>\n\n    \n\n\n\n\n            \n        <\/div>\n\n    <\/article>\n\n    <article class=\"bde-loop-item ee-post\">\n                                <a class=\"bde-loop-item__image-link ee-post-image-link \" href=\"https:\/\/consultoria.cv\/en\/sao-vicente-como-hub-de-negocios-por-que-investir-no-mindelo\/\" tabindex=\"-1\">\n                <div class=\"bde-loop-item__image ee-post-image\">\n                    <img loading=\"lazy\" decoding=\"async\" width=\"540\" height=\"312\" src=\"https:\/\/consultoria.cv\/wp-content\/uploads\/2026\/04\/unnamed-5.jpg\" class=\"attachment-full size-full wp-post-image\" alt=\"S\u00e3o Vicente como Hub de Neg\u00f3cios: Por que investir no Mindelo?\" srcset=\"https:\/\/consultoria.cv\/wp-content\/uploads\/2026\/04\/unnamed-5.jpg 540w, https:\/\/consultoria.cv\/wp-content\/uploads\/2026\/04\/unnamed-5-300x173.jpg 300w, https:\/\/consultoria.cv\/wp-content\/uploads\/2026\/04\/unnamed-5-18x10.jpg 18w\" sizes=\"auto, (max-width: 540px) 100vw, 540px\" \/>                <\/div>\n            <\/a>\n        \n        \n        <div class=\"bde-loop-item__wrap ee-post-wrap\">\n            \n                            <h3 class=\"ee-post-title\" >\n                    <a class=\"bde-loop-item__title-link ee-post-title-link\" href=\"https:\/\/consultoria.cv\/en\/sao-vicente-como-hub-de-negocios-por-que-investir-no-mindelo\/\"  tabindex=\"-1\">\n                        S\u00e3o Vicente como Hub de Neg\u00f3cios: Por que investir no Mindelo?                    <\/a>\n                <\/h3>\n                            <div class=\"bde-loop-item__content ee-post-content\">\n                    Mindelo tem sido, historicamente, o cora\u00e7\u00e3o cultural de Cabo Verde. Mas nos \u00faltimos anos, a cidade da Ba\u00eda das Gatas tem sofrido uma metamorfose silenciosa e poderosa. Deixa de ser&hellip;                <\/div>\n            \n        \n    \n    \n    \n                            \n            \n                    \n            \n            \n\n    \n    \n    \n    \n                            \n    <a class=\"breakdance-link button-atom button-atom--primary bde-loop-item__button ee-post-button\" href=\"https:\/\/consultoria.cv\/en\/sao-vicente-como-hub-de-negocios-por-que-investir-no-mindelo\/\" target=\"_self\" data-type=\"url\"  aria-label=\"Read more about S\u00e3o Vicente como Hub de Neg\u00f3cios: Por que investir no Mindelo?\" >\n\n    \n        <span class=\"button-atom__text\">Ler Mais<\/span>\n\n        \n        \n                <\/a>\n\n    \n\n\n\n\n            \n        <\/div>\n\n    <\/article>\n\n<\/div><div class=\"bde-posts-pagination bde-posts-navigation-numbers bde-posts-navigation-numbers-prev-next\"><div class=\"bde-posts-prev-next-link\"><\/div><ul><li class=\"bde-posts-navigation-numbers--active\"><a class=\"is-active\" href='https:\/\/consultoria.cv\/en\/wp-json\/wp\/v2\/pages\/55\/'>1<\/a><\/li><li ><a  href='https:\/\/consultoria.cv\/en\/wp-json\/wp\/v2\/pages\/55\/page\/2\/'>2<\/a><\/li><li ><a  href='https:\/\/consultoria.cv\/en\/wp-json\/wp\/v2\/pages\/55\/page\/3\/'>3<\/a><\/li><li ><a  href='https:\/\/consultoria.cv\/en\/wp-json\/wp\/v2\/pages\/55\/page\/4\/'>4<\/a><\/li><li ><a  href='https:\/\/consultoria.cv\/en\/wp-json\/wp\/v2\/pages\/55\/page\/5\/'>5<\/a><\/li><li ><a  href='https:\/\/consultoria.cv\/en\/wp-json\/wp\/v2\/pages\/55\/page\/6\/'>6<\/a><\/li><li ><a  href='https:\/\/consultoria.cv\/en\/wp-json\/wp\/v2\/pages\/55\/page\/7\/'>7<\/a><\/li><li ><a  href='https:\/\/consultoria.cv\/en\/wp-json\/wp\/v2\/pages\/55\/page\/8\/'>8<\/a><\/li><li ><a  href='https:\/\/consultoria.cv\/en\/wp-json\/wp\/v2\/pages\/55\/page\/9\/'>9<\/a><\/li><li ><a  href='https:\/\/consultoria.cv\/en\/wp-json\/wp\/v2\/pages\/55\/page\/10\/'>10<\/a><\/li><li ><a  href='https:\/\/consultoria.cv\/en\/wp-json\/wp\/v2\/pages\/55\/page\/11\/'>11<\/a><\/li><li ><a  href='https:\/\/consultoria.cv\/en\/wp-json\/wp\/v2\/pages\/55\/page\/12\/'>12<\/a><\/li><li ><a  href='https:\/\/consultoria.cv\/en\/wp-json\/wp\/v2\/pages\/55\/page\/13\/'>13<\/a><\/li><li ><a  href='https:\/\/consultoria.cv\/en\/wp-json\/wp\/v2\/pages\/55\/page\/14\/'>14<\/a><\/li><li ><a  href='https:\/\/consultoria.cv\/en\/wp-json\/wp\/v2\/pages\/55\/page\/15\/'>15<\/a><\/li><li ><a  href='https:\/\/consultoria.cv\/en\/wp-json\/wp\/v2\/pages\/55\/page\/16\/'>16<\/a><\/li><li ><a  href='https:\/\/consultoria.cv\/en\/wp-json\/wp\/v2\/pages\/55\/page\/17\/'>17<\/a><\/li><li ><a  href='https:\/\/consultoria.cv\/en\/wp-json\/wp\/v2\/pages\/55\/page\/18\/'>18<\/a><\/li><li ><a  href='https:\/\/consultoria.cv\/en\/wp-json\/wp\/v2\/pages\/55\/page\/19\/'>19<\/a><\/li><li ><a  href='https:\/\/consultoria.cv\/en\/wp-json\/wp\/v2\/pages\/55\/page\/20\/'>20<\/a><\/li><li ><a  href='https:\/\/consultoria.cv\/en\/wp-json\/wp\/v2\/pages\/55\/page\/21\/'>21<\/a><\/li><li ><a  href='https:\/\/consultoria.cv\/en\/wp-json\/wp\/v2\/pages\/55\/page\/22\/'>22<\/a><\/li><li ><a  href='https:\/\/consultoria.cv\/en\/wp-json\/wp\/v2\/pages\/55\/page\/23\/'>23<\/a><\/li><li ><a  href='https:\/\/consultoria.cv\/en\/wp-json\/wp\/v2\/pages\/55\/page\/24\/'>24<\/a><\/li><li ><a  href='https:\/\/consultoria.cv\/en\/wp-json\/wp\/v2\/pages\/55\/page\/25\/'>25<\/a><\/li><li ><a  href='https:\/\/consultoria.cv\/en\/wp-json\/wp\/v2\/pages\/55\/page\/26\/'>26<\/a><\/li><li ><a  href='https:\/\/consultoria.cv\/en\/wp-json\/wp\/v2\/pages\/55\/page\/27\/'>27<\/a><\/li><li ><a  href='https:\/\/consultoria.cv\/en\/wp-json\/wp\/v2\/pages\/55\/page\/28\/'>28<\/a><\/li><li ><a  href='https:\/\/consultoria.cv\/en\/wp-json\/wp\/v2\/pages\/55\/page\/29\/'>29<\/a><\/li><li ><a  href='https:\/\/consultoria.cv\/en\/wp-json\/wp\/v2\/pages\/55\/page\/30\/'>30<\/a><\/li><li ><a  href='https:\/\/consultoria.cv\/en\/wp-json\/wp\/v2\/pages\/55\/page\/31\/'>31<\/a><\/li><li ><a  href='https:\/\/consultoria.cv\/en\/wp-json\/wp\/v2\/pages\/55\/page\/32\/'>32<\/a><\/li><li ><a  href='https:\/\/consultoria.cv\/en\/wp-json\/wp\/v2\/pages\/55\/page\/33\/'>33<\/a><\/li><li ><a  href='https:\/\/consultoria.cv\/en\/wp-json\/wp\/v2\/pages\/55\/page\/34\/'>34<\/a><\/li><li ><a  href='https:\/\/consultoria.cv\/en\/wp-json\/wp\/v2\/pages\/55\/page\/35\/'>35<\/a><\/li><li ><a  href='https:\/\/consultoria.cv\/en\/wp-json\/wp\/v2\/pages\/55\/page\/36\/'>36<\/a><\/li><li ><a  href='https:\/\/consultoria.cv\/en\/wp-json\/wp\/v2\/pages\/55\/page\/37\/'>37<\/a><\/li><li ><a  href='https:\/\/consultoria.cv\/en\/wp-json\/wp\/v2\/pages\/55\/page\/38\/'>38<\/a><\/li><\/ul><div class=\"bde-posts-prev-next-link\"><a href=\"https:\/\/consultoria.cv\/en\/wp-json\/wp\/v2\/pages\/55\/page\/2\/\" >Seguinte<\/a><\/div><\/div><\/div><\/div>\n<\/section><section class=\"bde-section-55-232 bde-section\">\n  \n  \n\t\n\n\n\n<div class=\"section-container\"><h1 class=\"bde-heading-55-233 bde-heading\">\n\u00daltimas Not\u00edcias\n<\/h1><div class=\"bde-post-list-55-230 bde-post-list\" data-entrance=\"slideLeft\"><div class=\"bde-loop bde-loop-grid ee-posts ee-posts-grid\">    <article class=\"bde-loop-item ee-post\">\n        \n        \n        <div class=\"bde-loop-item__wrap ee-post-wrap\">\n            \n                            <h3 class=\"ee-post-title\" >\n                    <a class=\"bde-loop-item__title-link ee-post-title-link\" href=\"https:\/\/consultoria.cv\/en\/a-zona-franca-de-cabo-verde-beneficios-fiscais-para-empresas-exportadoras\/\"  tabindex=\"-1\">\n                        A Zona Franca de Cabo Verde: Benef\u00edcios Fiscais para Empresas Exportadoras                    <\/a>\n                <\/h3>\n                            <div class=\"bde-loop-item__content ee-post-content\">\n                    Cabo Verde est\u00e1 a posicionar-se como um dos hubs log\u00edsticos e produtivos mais atrativos da \u00c1frica Ocidental. Para empresas que visam exportar para a Uni\u00e3o Europeia (via regime SPG+), Estados Unidos (via AGOA) ou para os mercados regionais da CEDEAO, o arquip\u00e9lago oferece um instrumento jur\u00eddico poderoso: o regime de&hellip;                <\/div>\n            \n        \n    \n    \n    \n                            \n            \n                    \n            \n            \n\n    \n    \n    \n    \n                            \n    <a class=\"breakdance-link button-atom button-atom--primary bde-loop-item__button ee-post-button\" href=\"https:\/\/consultoria.cv\/en\/a-zona-franca-de-cabo-verde-beneficios-fiscais-para-empresas-exportadoras\/\" target=\"_self\" data-type=\"url\"  aria-label=\"Read more about A Zona Franca de Cabo Verde: Benef\u00edcios Fiscais para Empresas Exportadoras\" >\n\n    \n        <span class=\"button-atom__text\">Ler Mais<\/span>\n\n        \n        \n                <\/a>\n\n    \n\n\n\n\n            \n        <\/div>\n\n    <\/article>\n\n    <article class=\"bde-loop-item ee-post\">\n        \n        \n        <div class=\"bde-loop-item__wrap ee-post-wrap\">\n            \n                            <h3 class=\"ee-post-title\" >\n                    <a class=\"bde-loop-item__title-link ee-post-title-link\" href=\"https:\/\/consultoria.cv\/en\/o-guia-do-investidor-seguranca-juridica-e-ambiental-em-cabo-verde\/\"  tabindex=\"-1\">\n                        O Guia do Investidor: Seguran\u00e7a Jur\u00eddica e Ambiental em Cabo Verde                    <\/a>\n                <\/h3>\n                            <div class=\"bde-loop-item__content ee-post-content\">\n                    Investir em Cabo Verde: Onde a Seguran\u00e7a Jur\u00eddica Encontra a Sustentabilidade Cabo Verde posicionou-se como l\u00edder regional na transi\u00e7\u00e3o para economia verde e azul. Com uma meta de neutralidade carb\u00f3nica at\u00e9 2050 e um quadro normativo ambiental robusto, o pa\u00eds oferece oportunidades \u00fanicas para investidores que compreendem que sustentabilidade e&hellip;                <\/div>\n            \n        \n    \n    \n    \n                            \n            \n                    \n            \n            \n\n    \n    \n    \n    \n                            \n    <a class=\"breakdance-link button-atom button-atom--primary bde-loop-item__button ee-post-button\" href=\"https:\/\/consultoria.cv\/en\/o-guia-do-investidor-seguranca-juridica-e-ambiental-em-cabo-verde\/\" target=\"_self\" data-type=\"url\"  aria-label=\"Read more about O Guia do Investidor: Seguran\u00e7a Jur\u00eddica e Ambiental em Cabo Verde\" >\n\n    \n        <span class=\"button-atom__text\">Ler Mais<\/span>\n\n        \n        \n                <\/a>\n\n    \n\n\n\n\n            \n        <\/div>\n\n    <\/article>\n\n    <article class=\"bde-loop-item ee-post\">\n        \n        \n        <div class=\"bde-loop-item__wrap ee-post-wrap\">\n            \n                            <h3 class=\"ee-post-title\" >\n                    <a class=\"bde-loop-item__title-link ee-post-title-link\" href=\"https:\/\/consultoria.cv\/en\/importacao-para-cabo-verde-como-resolver-entraves-aduaneiros-para-grandes-empresas\/\"  tabindex=\"-1\">\n                        Importa\u00e7\u00e3o para Cabo Verde: Como Resolver Entraves Aduaneiros para Grandes Empresas                    <\/a>\n                <\/h3>\n                            <div class=\"bde-loop-item__content ee-post-content\">\n                    Primeira Etapa: Validar o Mercado Cabo-Verdiano antes de Importar Antes de mover a primeira caixa, \u00e9 imperativo compreender a realidade do mercado. Cabo Verde importou 199.961 mil contos (cerca de 1,8 mil milh\u00f5es de euros) em 2025, com um crescimento de 5% face a 2024. Este crescimento sustentado (2% em&hellip;                <\/div>\n            \n        \n    \n    \n    \n                            \n            \n                    \n            \n            \n\n    \n    \n    \n    \n                            \n    <a class=\"breakdance-link button-atom button-atom--primary bde-loop-item__button ee-post-button\" href=\"https:\/\/consultoria.cv\/en\/importacao-para-cabo-verde-como-resolver-entraves-aduaneiros-para-grandes-empresas\/\" target=\"_self\" data-type=\"url\"  aria-label=\"Read more about Importa\u00e7\u00e3o para Cabo Verde: Como Resolver Entraves Aduaneiros para Grandes Empresas\" >\n\n    \n        <span class=\"button-atom__text\">Ler Mais<\/span>\n\n        \n        \n                <\/a>\n\n    \n\n\n\n\n            \n        <\/div>\n\n    <\/article>\n\n    <article class=\"bde-loop-item ee-post\">\n        \n        \n        <div class=\"bde-loop-item__wrap ee-post-wrap\">\n            \n                            <h3 class=\"ee-post-title\" >\n                    <a class=\"bde-loop-item__title-link ee-post-title-link\" href=\"https:\/\/consultoria.cv\/en\/diaspora-cabo-verdiana-como-investir-no-turismo-local-com-seguranca-juridica-total\/\"  tabindex=\"-1\">\n                        Di\u00e1spora Cabo-Verdiana: Como Investir no Turismo Local com Seguran\u00e7a Jur\u00eddica Total                    <\/a>\n                <\/h3>\n                            <div class=\"bde-loop-item__content ee-post-content\">\n                    A saudade que transforma: quando a di\u00e1spora investe na sua terra natal A di\u00e1spora cabo-verdiana, estimada em mais de um milh\u00e3o de pessoas espalhadas por Portugal, EUA, Fran\u00e7a, Holanda, It\u00e1lia e outros destinos, representa mais do que remessas mensais e visitas de f\u00e9rias. Representa um potencial econ\u00f3mico transformador para o&hellip;                <\/div>\n            \n        \n    \n    \n    \n                            \n            \n                    \n            \n            \n\n    \n    \n    \n    \n                            \n    <a class=\"breakdance-link button-atom button-atom--primary bde-loop-item__button ee-post-button\" href=\"https:\/\/consultoria.cv\/en\/diaspora-cabo-verdiana-como-investir-no-turismo-local-com-seguranca-juridica-total\/\" target=\"_self\" data-type=\"url\"  aria-label=\"Read more about Di\u00e1spora Cabo-Verdiana: Como Investir no Turismo Local com Seguran\u00e7a Jur\u00eddica Total\" >\n\n    \n        <span class=\"button-atom__text\">Ler Mais<\/span>\n\n        \n        \n                <\/a>\n\n    \n\n\n\n\n            \n        <\/div>\n\n    <\/article>\n\n    <article class=\"bde-loop-item ee-post\">\n        \n        \n        <div class=\"bde-loop-item__wrap ee-post-wrap\">\n            \n                            <h3 class=\"ee-post-title\" >\n                    <a class=\"bde-loop-item__title-link ee-post-title-link\" href=\"https:\/\/consultoria.cv\/en\/como-uma-empresa-estrangeira-abre-sucursal-em-cabo-verde-o-passo-a-passo\/\"  tabindex=\"-1\">\n                        Como uma Empresa Estrangeira Abre Sucursal em Cabo Verde: O Passo a Passo                    <\/a>\n                <\/h3>\n                            <div class=\"bde-loop-item__content ee-post-content\">\n                    Sucursal em Cabo Verde: a extens\u00e3o legal da sua empresa Quando uma empresa estrangeira decide operar em Cabo Verde por mais de um ano, o C\u00f3digo das Sociedades Comerciais (Decreto Legislativo n.\u00ba 3\/99, de 29 de Mar\u00e7o) exige a institui\u00e7\u00e3o de uma representa\u00e7\u00e3o permanente. Esta representa\u00e7\u00e3o pode assumir a forma&hellip;                <\/div>\n            \n        \n    \n    \n    \n                            \n            \n                    \n            \n            \n\n    \n    \n    \n    \n                            \n    <a class=\"breakdance-link button-atom button-atom--primary bde-loop-item__button ee-post-button\" href=\"https:\/\/consultoria.cv\/en\/como-uma-empresa-estrangeira-abre-sucursal-em-cabo-verde-o-passo-a-passo\/\" target=\"_self\" data-type=\"url\"  aria-label=\"Read more about Como uma Empresa Estrangeira Abre Sucursal em Cabo Verde: O Passo a Passo\" >\n\n    \n        <span class=\"button-atom__text\">Ler Mais<\/span>\n\n        \n        \n                <\/a>\n\n    \n\n\n\n\n            \n        <\/div>\n\n    <\/article>\n\n    <article class=\"bde-loop-item ee-post\">\n        \n        \n        <div class=\"bde-loop-item__wrap ee-post-wrap\">\n            \n                            <h3 class=\"ee-post-title\" >\n                    <a class=\"bde-loop-item__title-link ee-post-title-link\" href=\"https:\/\/consultoria.cv\/en\/construcao-civil-em-cabo-verde-2026-novas-licencas-revisao-do-codigo-tecnico-e-oportunidades-para-promotores-imobiliarios\/\"  tabindex=\"-1\">\n                        Constru\u00e7\u00e3o Civil em Cabo Verde 2026: Novas Licen\u00e7as, Revis\u00e3o do C\u00f3digo T\u00e9cnico e Oportunidades para Promotores Imobili\u00e1rios                    <\/a>\n                <\/h3>\n                            <div class=\"bde-loop-item__content ee-post-content\">\n                    O novo ciclo da constru\u00e7\u00e3o civil em Cabo Verde: moderniza\u00e7\u00e3o e formaliza\u00e7\u00e3o O sector da constru\u00e7\u00e3o civil em Cabo Verde atravessa uma fase de profunda moderniza\u00e7\u00e3o legislativa. Com o turismo a bater recordes (1,17 milh\u00f5es de visitantes em 2024) e o d\u00e9fice habitacional a exigir solu\u00e7\u00f5es urgentes, o Governo implementou&hellip;                <\/div>\n            \n        \n    \n    \n    \n                            \n            \n                    \n            \n            \n\n    \n    \n    \n    \n                            \n    <a class=\"breakdance-link button-atom button-atom--primary bde-loop-item__button ee-post-button\" href=\"https:\/\/consultoria.cv\/en\/construcao-civil-em-cabo-verde-2026-novas-licencas-revisao-do-codigo-tecnico-e-oportunidades-para-promotores-imobiliarios\/\" target=\"_self\" data-type=\"url\"  aria-label=\"Read more about Constru\u00e7\u00e3o Civil em Cabo Verde 2026: Novas Licen\u00e7as, Revis\u00e3o do C\u00f3digo T\u00e9cnico e Oportunidades para Promotores Imobili\u00e1rios\" >\n\n    \n        <span class=\"button-atom__text\">Ler Mais<\/span>\n\n        \n        \n                <\/a>\n\n    \n\n\n\n\n            \n        <\/div>\n\n    <\/article>\n\n    <article class=\"bde-loop-item ee-post\">\n        \n        \n        <div class=\"bde-loop-item__wrap ee-post-wrap\">\n            \n                            <h3 class=\"ee-post-title\" >\n                    <a class=\"bde-loop-item__title-link ee-post-title-link\" href=\"https:\/\/consultoria.cv\/en\/investir-energias-renovaveis-cabo-verde-regulamentos-oportunidades\/\"  tabindex=\"-1\">\n                        Investir em Energias Renov\u00e1veis em Cabo Verde: Regulamentos, Incentivos Fiscais e Oportunidades de Mercado 2025-2026                    <\/a>\n                <\/h3>\n                            <div class=\"bde-loop-item__content ee-post-content\">\n                    Porque Cabo Verde \u00e9 o Novo Hub de Energias Renov\u00e1veis na \u00c1frica Ocidental Cabo Verde consolidou-se como l\u00edder regional na transi\u00e7\u00e3o energ\u00e9tica, com metas ambiciosas de atingir 50% de eletricidade renov\u00e1vel at\u00e9 2030 e 100% at\u00e9 2040. O arquip\u00e9lago n\u00e3o \u00e9 apenas um consumidor de tecnologia verde, o Governo pretende&hellip;                <\/div>\n            \n        \n    \n    \n    \n                            \n            \n                    \n            \n            \n\n    \n    \n    \n    \n                            \n    <a class=\"breakdance-link button-atom button-atom--primary bde-loop-item__button ee-post-button\" href=\"https:\/\/consultoria.cv\/en\/investir-energias-renovaveis-cabo-verde-regulamentos-oportunidades\/\" target=\"_self\" data-type=\"url\"  aria-label=\"Read more about Investir em Energias Renov\u00e1veis em Cabo Verde: Regulamentos, Incentivos Fiscais e Oportunidades de Mercado 2025-2026\" >\n\n    \n        <span class=\"button-atom__text\">Ler Mais<\/span>\n\n        \n        \n                <\/a>\n\n    \n\n\n\n\n            \n        <\/div>\n\n    <\/article>\n\n    <article class=\"bde-loop-item ee-post\">\n        \n        \n        <div class=\"bde-loop-item__wrap ee-post-wrap\">\n            \n                            <h3 class=\"ee-post-title\" >\n                    <a class=\"bde-loop-item__title-link ee-post-title-link\" href=\"https:\/\/consultoria.cv\/en\/sao-vicente-como-hub-de-negocios-por-que-investir-no-mindelo\/\"  tabindex=\"-1\">\n                        S\u00e3o Vicente como Hub de Neg\u00f3cios: Por que investir no Mindelo?                    <\/a>\n                <\/h3>\n                            <div class=\"bde-loop-item__content ee-post-content\">\n                    Mindelo tem sido, historicamente, o cora\u00e7\u00e3o cultural de Cabo Verde. Mas nos \u00faltimos anos, a cidade da Ba\u00eda das Gatas tem sofrido uma metamorfose silenciosa e poderosa. Deixa de ser apenas um destino de turismo bo\u00e9mio para se afirmar como um verdadeiro hub de neg\u00f3cios no Atl\u00e2ntico M\u00e9dio. Para a&hellip;                <\/div>\n            \n        \n    \n    \n    \n                            \n            \n                    \n            \n            \n\n    \n    \n    \n    \n                            \n    <a class=\"breakdance-link button-atom button-atom--primary bde-loop-item__button ee-post-button\" href=\"https:\/\/consultoria.cv\/en\/sao-vicente-como-hub-de-negocios-por-que-investir-no-mindelo\/\" target=\"_self\" data-type=\"url\"  aria-label=\"Read more about S\u00e3o Vicente como Hub de Neg\u00f3cios: Por que investir no Mindelo?\" >\n\n    \n        <span class=\"button-atom__text\">Ler Mais<\/span>\n\n        \n        \n                <\/a>\n\n    \n\n\n\n\n            \n        <\/div>\n\n    <\/article>\n\n<\/div><div class=\"bde-posts-pagination bde-posts-navigation-numbers\"><ul><li class=\"bde-posts-navigation-numbers--active\"><a class=\"is-active\" href='https:\/\/consultoria.cv\/en\/wp-json\/wp\/v2\/pages\/55\/'>1<\/a><\/li><li ><a  href='https:\/\/consultoria.cv\/en\/wp-json\/wp\/v2\/pages\/55\/page\/2\/'>2<\/a><\/li><li ><a  href='https:\/\/consultoria.cv\/en\/wp-json\/wp\/v2\/pages\/55\/page\/3\/'>3<\/a><\/li><li class=\"bde-posts-navigation-numbers--ellipses\"><span>\u2026<\/span><\/li><li ><a  href='https:\/\/consultoria.cv\/en\/wp-json\/wp\/v2\/pages\/55\/page\/38\/'>38<\/a><\/li><\/ul><\/div><\/div><\/div>\n<\/section><section class=\"bde-section-55-175 bde-section\">\n  \n  \n\t\n\n\n\n<div class=\"section-container\"><div class=\"bde-div-55-176 bde-div\">\n  \n  \n\t\n\n\n\n<div class=\"bde-icon-55-177 bde-icon\">\n\n    \n            <div class=\"bde-icon-icon breakdance-icon-atom\" >\n    \n                    <svg xmlns=\"http:\/\/www.w3.org\/2000\/svg\" viewBox=\"0 0 448 512\"><!-- Font Awesome Free 5.15.1 by @fontawesome - https:\/\/fontawesome.com License - https:\/\/fontawesome.com\/license\/free (Icons: CC BY 4.0, Fonts: SIL OFL 1.1, Code: MIT License) --><path d=\"M400 480H48c-26.5 0-48-21.5-48-48V80c0-26.5 21.5-48 48-48h352c26.5 0 48 21.5 48 48v352c0 26.5-21.5 48-48 48zM238.1 177.9L102.4 313.6l-6.3 57.1c-.8 7.6 5.6 14.1 13.3 13.3l57.1-6.3L302.2 242c2.3-2.3 2.3-6.1 0-8.5L246.7 178c-2.5-2.4-6.3-2.4-8.6-.1zM345 165.1L314.9 135c-9.4-9.4-24.6-9.4-33.9 0l-23.1 23.1c-2.3 2.3-2.3 6.1 0 8.5l55.5 55.5c2.3 2.3 6.1 2.3 8.5 0L345 199c9.3-9.3 9.3-24.5 0-33.9z\"\/><\/svg>\n        \n        \n        \n            <\/div>\n    \n\n\n<\/div><div class=\"bde-div-55-178 bde-div\">\n  \n  \n\t\n\n\n\n<h3 class=\"bde-heading-55-179 bde-heading\">\nAGENDE CONNOSCO UMA REUNI\u00c3O GRATUITA:\n<\/h3><a class=\"bde-text-link-55-180 bde-text-link breakdance-link\" href=\"tel: +238 582 56 61\" target=\"_self\" data-type=\"url\">\n  +238 582 56 61\n\n<\/a><div class=\"bde-text-55-181 bde-text\">\nVamos conversar sobre o seu neg\u00f3cio e juntos encontrar as melhores solu\u00e7\u00f5es para si.\n<\/div>\n<\/div>\n<\/div><div class=\"bde-button-55-182 bde-button\">\n        \n    \n    \n    \n    \n            \n                    \n            \n            \n\n    \n    \n    \n    \n    \n    <a class=\"breakdance-link button-atom button-atom--custom bde-button__button\" href=\"https:\/\/consultoria.cv\/contactos\/\" target=\"_self\" data-type=\"url\"  >\n\n    \n        <span class=\"button-atom__text\">Agendar reuni\u00e3o<\/span>\n\n        \n        \n                <\/a>\n\n    \n\n\n<\/div><\/div>\n<\/section><section class=\"bde-section-55-183 bde-section\">\n  \n  \n\t\n\n\n\n<div class=\"section-container\"><div class=\"bde-columns-55-184 bde-columns\"><div class=\"bde-column-55-185 bde-column\">\n  \n  \n\t\n\n\n\n<h3 class=\"bde-heading-55-186 bde-heading\">\nQuer saber como podemos ajudar o seu neg\u00f3cio? \n<\/h3><h2 class=\"bde-heading-55-187 bde-heading\">\nEnvie-nos uma mensagem e n\u00f3s contactamos.\n<\/h2><div class=\"bde-form-builder-55-188 bde-form-builder\">\n\n<form id=\"formulario-de-contacto188\" class=\"breakdance-form breakdance-form--vertical\" data-options=\"{&quot;slug&quot;:&quot;custom&quot;,&quot;name&quot;:&quot;formul\\u00e1rio de Contacto&quot;,&quot;ajaxUrl&quot;:&quot;https:\\\/\\\/consultoria.cv\\\/wp-admin\\\/admin-ajax.php&quot;,&quot;clearOnSuccess&quot;:true,&quot;hideOnSuccess&quot;:false,&quot;successMessage&quot;:&quot;Your message has been received!&quot;,&quot;errorMessage&quot;:&quot;Something went wrong&quot;,&quot;redirect&quot;:false,&quot;redirectUrl&quot;:&quot;&quot;,&quot;customJavaScript&quot;:&quot;&quot;,&quot;recaptcha&quot;:{&quot;key&quot;:&quot;&quot;,&quot;enabled&quot;:false},&quot;honeypot_enabled&quot;:false,&quot;popupsOnSuccess&quot;:[],&quot;popupsOnError&quot;:[]}\" data-steps=\"0\" >\n  \n  \n  \n<div class=\"breakdance-form-field breakdance-form-field--text\" >\n    \n    \n            <label class=\"breakdance-form-field__label\" for=\"name\">\n            Nome<span class=\"breakdance-form-field__required\">*<\/span>\n        <\/label>\n    \n    <input\n    class=\"breakdance-form-field__input\"\n    id=\"name\"\n    aria-describedby=\"name\"\n    type=\"text\"\n    name=\"fields[name]\"\n    placeholder=\"Nome\"\n    value=\"\"\n                \n        \n        \n    required\n    \n    \n    \n    \n    \n>\n\n\n    \n    \n<\/div>\n\n\n<div class=\"breakdance-form-field breakdance-form-field--text\" >\n    \n    \n            <label class=\"breakdance-form-field__label\" for=\"ioruuq\">\n            Apelido\n        <\/label>\n    \n    <input\n    class=\"breakdance-form-field__input\"\n    id=\"ioruuq\"\n    aria-describedby=\"ioruuq\"\n    type=\"text\"\n    name=\"fields[ioruuq]\"\n    placeholder=\"Apelido\"\n    value=\"\"\n                \n        \n        \n    \n    \n    \n    \n    \n    \n>\n\n\n    \n    \n<\/div>\n\n\n<div class=\"breakdance-form-field breakdance-form-field--email\" >\n    \n    \n            <label class=\"breakdance-form-field__label\" for=\"email\">\n            Email<span class=\"breakdance-form-field__required\">*<\/span>\n        <\/label>\n    \n    <input\n    class=\"breakdance-form-field__input\"\n    id=\"email\"\n    aria-describedby=\"email\"\n    type=\"email\"\n    name=\"fields[email]\"\n    placeholder=\"Email\"\n    value=\"\"\n                \n        \n        \n    required\n    \n    \n    \n    \n    \n>\n\n\n    \n    \n<\/div>\n\n\n<div class=\"breakdance-form-field breakdance-form-field--tel\" >\n    \n    \n            <label class=\"breakdance-form-field__label\" for=\"naaanq\">\n            Telefone\n        <\/label>\n    \n    <input\n    class=\"breakdance-form-field__input\"\n    id=\"naaanq\"\n    aria-describedby=\"naaanq\"\n    type=\"tel\"\n    name=\"fields[naaanq]\"\n    placeholder=\"Telefone\"\n    value=\"\"\n                \n        \n        \n    \n    \n    \n    \n    \n    \n>\n\n\n    \n    \n<\/div>\n\n\n<div class=\"breakdance-form-field breakdance-form-field--textarea\" >\n    \n    \n            <label class=\"breakdance-form-field__label\" for=\"message\">\n            Mensagem<span class=\"breakdance-form-field__required\">*<\/span>\n        <\/label>\n    \n    <textarea\n    class=\"breakdance-form-field__input\"\n    id=\"message\"\n    aria-describedby=\"message\"\n    type=\"textarea\"\n    name=\"fields[message]\"\n        placeholder=\"Mensagem\"\n    required\n    \n    \n    >\n<\/textarea>\n\n\n    \n    \n<\/div><div class=\"breakdance-form-field breakdance-form-footer\">    \n    \n    \n    \n    \n            \n            <button type=\"submit\" class=\"button-atom button-atom--primary breakdance-form-button breakdance-form-button__submit\"  >\n    \n        <span class=\"button-atom__text\">Enviar Mensagem<\/span>\n\n        \n        \n            <\/button>\n    \n    <input type=\"hidden\" name=\"form_id\" value=\"188\">\n    <input type=\"hidden\" name=\"post_id\" value=\"55\">\n<\/div>\n\n  \n<\/form>\n\n\n<\/div>\n<\/div><div class=\"bde-column-55-189 bde-column\">\n  \n  \n\t\n\n\n\n<h2 class=\"bde-dual-heading-55-190 bde-dual-heading\">\n\n\n            <span data-style=\"primary\" class=\"dual-heading--primary  \">Entre em contato <\/span>\n\n            <span data-style=\"secondary\" class=\"dual-heading--secondary  \">conosco<\/span>\n\n\n\n<\/h2><div class=\"bde-fancy-divider-55-191 bde-fancy-divider\">\n\n\n<div class=\"bde-fancy-divider__wrapper\">\n  <div class=\"bde-fancy-divider__separator   \">\n  \t  <\/div>\n<\/div>\n\n<\/div><div class=\"bde-div-55-192 bde-div\">\n  \n  \n\t\n\n\n\n<div class=\"bde-icon-55-193 bde-icon\">\n\n    \n            <div class=\"bde-icon-icon breakdance-icon-atom\" >\n    \n                    <svg xmlns=\"http:\/\/www.w3.org\/2000\/svg\" viewBox=\"0 0 384 512\"><!-- Font Awesome Free 5.15.1 by @fontawesome - https:\/\/fontawesome.com License - https:\/\/fontawesome.com\/license\/free (Icons: CC BY 4.0, Fonts: SIL OFL 1.1, Code: MIT License) --><path d=\"M172.268 501.67C26.97 291.031 0 269.413 0 192 0 85.961 85.961 0 192 0s192 85.961 192 192c0 77.413-26.97 99.031-172.268 309.67-9.535 13.774-29.93 13.773-39.464 0zM192 272c44.183 0 80-35.817 80-80s-35.817-80-80-80-80 35.817-80 80 35.817 80 80 80z\"\/><\/svg>\n        \n        \n        \n            <\/div>\n    \n\n\n<\/div><h5 class=\"bde-heading-55-194 bde-heading\">\nVisite-nos\n<\/h5><ul class=\"bde-basic-list-55-195 bde-basic-list\">\n  <li  >    \n          Rua William du Bois <br>n\u00ba 28 2110 Mindelo, Cabo Verde\n      <\/li>\n<\/ul>\n<\/div><div class=\"bde-div-55-196 bde-div\">\n  \n  \n\t\n\n\n\n<div class=\"bde-icon-55-197 bde-icon\">\n\n    \n            <div class=\"bde-icon-icon breakdance-icon-atom\" >\n    \n                    <svg xmlns=\"http:\/\/www.w3.org\/2000\/svg\" viewBox=\"0 0 512 512\"><!-- Font Awesome Free 5.15.1 by @fontawesome - https:\/\/fontawesome.com License - https:\/\/fontawesome.com\/license\/free (Icons: CC BY 4.0, Fonts: SIL OFL 1.1, Code: MIT License) --><path d=\"M502.3 190.8c3.9-3.1 9.7-.2 9.7 4.7V400c0 26.5-21.5 48-48 48H48c-26.5 0-48-21.5-48-48V195.6c0-5 5.7-7.8 9.7-4.7 22.4 17.4 52.1 39.5 154.1 113.6 21.1 15.4 56.7 47.8 92.2 47.6 35.7.3 72-32.8 92.3-47.6 102-74.1 131.6-96.3 154-113.7zM256 320c23.2.4 56.6-29.2 73.4-41.4 132.7-96.3 142.8-104.7 173.4-128.7 5.8-4.5 9.2-11.5 9.2-18.9v-19c0-26.5-21.5-48-48-48H48C21.5 64 0 85.5 0 112v19c0 7.4 3.4 14.3 9.2 18.9 30.6 23.9 40.7 32.4 173.4 128.7 16.8 12.2 50.2 41.8 73.4 41.4z\"\/><\/svg>\n        \n        \n        \n            <\/div>\n    \n\n\n<\/div><h5 class=\"bde-heading-55-198 bde-heading\">\nEnvie-nos email\n<\/h5>\n<\/div><ul class=\"bde-basic-list-55-199 bde-basic-list\">\n  <li class='bde-basic-list-item-with-link' >    \n                  \n            \n            \n\n    \n    \n    \n    \n    \n    <a class=\"breakdance-link\" href=\"mailto:info@consultoria.cv\" target=\"_self\" data-type=\"url\"  >\n\n          info@consultoria.cv\n              <\/a>\n\n      <\/li>\n<\/ul><div class=\"bde-icon-55-200 bde-icon\">\n\n    \n            <div class=\"bde-icon-icon breakdance-icon-atom\" >\n    \n                    <svg xmlns=\"http:\/\/www.w3.org\/2000\/svg\" id=\"icon-phone\" viewBox=\"0 0 32 32\">\n<path d=\"M22 20c-2 2-2 4-4 4s-4-2-6-4-4-4-4-6 2-2 4-4-4-8-6-8-6 6-6 6c0 4 4.109 12.109 8 16s12 8 16 8c0 0 6-4 6-6s-6-8-8-6z\"\/>\n<\/svg>\n        \n        \n        \n            <\/div>\n    \n\n\n<\/div><h5 class=\"bde-heading-55-201 bde-heading\">\nContacte-nos\n<\/h5><ul class=\"bde-basic-list-55-202 bde-basic-list\">\n  <li class='bde-basic-list-item-with-link' >    \n                  \n            \n            \n\n    \n    \n    \n    \n    \n    <a class=\"breakdance-link\" href=\"tel:+238 973 88 13\" target=\"_self\" data-type=\"url\"  >\n\n          +238 973 88 13\n              <\/a>\n\n      <\/li>\n<\/ul>\n<\/div><\/div><div class=\"bde-google-map-55-203 bde-google-map\">\r\n<iframe width=\"100%\" height=\"100%\" style=\"border:0\" loading=\"lazy\" title=\"Map\" src=\"https:\/\/maps.google.com\/maps?q=S%26D+Consultoria+Rua+William+du+Bois+n%C2%BA+28+2110+Mindelo%2C+Cabo+Verde&t=m&z=13&output=embed&iwloc=near\" allowfullscreen><\/iframe>\n<\/div><\/div>\n<\/section>","protected":false},"excerpt":{"rendered":"","protected":false},"author":1,"featured_media":2140,"parent":0,"menu_order":0,"comment_status":"closed","ping_status":"closed","template":"","meta":{"_breakdance_hide_in_design_set":false,"_breakdance_tags":"","footnotes":""},"class_list":["post-55","page","type-page","status-publish","has-post-thumbnail","hentry"],"_links":{"self":[{"href":"https:\/\/consultoria.cv\/en\/wp-json\/wp\/v2\/pages\/55","targetHints":{"allow":["GET"]}}],"collection":[{"href":"https:\/\/consultoria.cv\/en\/wp-json\/wp\/v2\/pages"}],"about":[{"href":"https:\/\/consultoria.cv\/en\/wp-json\/wp\/v2\/types\/page"}],"author":[{"embeddable":true,"href":"https:\/\/consultoria.cv\/en\/wp-json\/wp\/v2\/users\/1"}],"replies":[{"embeddable":true,"href":"https:\/\/consultoria.cv\/en\/wp-json\/wp\/v2\/comments?post=55"}],"version-history":[{"count":4,"href":"https:\/\/consultoria.cv\/en\/wp-json\/wp\/v2\/pages\/55\/revisions"}],"predecessor-version":[{"id":4438,"href":"https:\/\/consultoria.cv\/en\/wp-json\/wp\/v2\/pages\/55\/revisions\/4438"}],"wp:featuredmedia":[{"embeddable":true,"href":"https:\/\/consultoria.cv\/en\/wp-json\/wp\/v2\/media\/2140"}],"wp:attachment":[{"href":"https:\/\/consultoria.cv\/en\/wp-json\/wp\/v2\/media?parent=55"}],"curies":[{"name":"wp","href":"https:\/\/api.w.org\/{rel}","templated":true}]}}